{"id":289958,"date":"2025-11-15T01:00:21","date_gmt":"2025-11-15T01:00:21","guid":{"rendered":"https:\/\/prime.mc\/property\/carre-dor-triplex-rooftop-6p-prince-de-galles\/"},"modified":"2026-04-22T10:33:32","modified_gmt":"2026-04-22T10:33:32","slug":"carre-dor-triplex-rooftop-6p-prince-de-galles","status":"publish","type":"property","link":"https:\/\/prime.mc\/fr\/property\/carre-dor-triplex-rooftop-6p-prince-de-galles\/","title":{"rendered":"CARR\u00c9 D&#8217;OR &#8211; TRIPLEX ROOFTOP &#8211; 6P &#8211; PRINCE DE GALLES"},"content":{"rendered":"<p>Situ\u00e9 au c\u0153ur du prestigieux Carr\u00e9 d&#8217;Or, ce superbe triplex des 15\u00e8me, 16\u00e8me et 17\u00e8me \u00e9tages situ\u00e9 dans le luxueux immeuble Prince de Galles, offre un cadre de vie exceptionnel et une vue panoramique sur la mer de Monaco.<\/p>\n<p>Le 15\u00e8me \u00e9tage se compose d&#8217;un grand hall, d&#8217;un salon lumineux s&#8217;ouvrant sur une belle terrasse et d&#8217;une \u00e9l\u00e9gante salle \u00e0 manger. Trois chambres en-suite, chacune avec sa propre salle de bains et un acc\u00e8s ext\u00e9rieur. <\/p>\n<p>Au 16\u00e8me \u00e9tage, un bureau spacieux et deux chambres avec salle de bains s&#8217;ouvrent sur une grande terrasse p\u00e9riph\u00e9rique et une cuisine ind\u00e9pendante enti\u00e8rement \u00e9quip\u00e9e.<\/p>\n<p>Enfin, le 17e \u00e9tage d\u00e9voile une spectaculaire terrasse priv\u00e9e sur le toit avec piscine, offrant un panorama unique sur la Principaut\u00e9.<\/p>\n<p>Enti\u00e8rement r\u00e9nov\u00e9 dans un style \u00e9l\u00e9gant et intemporel, l&#8217;appartement b\u00e9n\u00e9ficie d&#8217;un environnement calme et s\u00e9curis\u00e9.<br \/>Lou\u00e9 avec cinq places de parking et une cave.<\/p>\n","protected":false},"excerpt":{"rendered":"<p>Situ\u00e9 au c\u0153ur du prestigieux Carr\u00e9 d&#8217;Or, ce superbe triplex des 15\u00e8me, 16\u00e8me et 17\u00e8me \u00e9tages situ\u00e9 dans le luxueux immeuble Prince de Galles, offre un cadre de vie exceptionnel et une vue panoramique sur la mer de Monaco. Le 15\u00e8me \u00e9tage se compose d&#8217;un grand hall, d&#8217;un salon lumineux s&#8217;ouvrant sur une belle terrasse [&hellip;]<\/p>\n","protected":false},"author":1,"featured_media":374711,"parent":0,"menu_order":0,"template":"","property_type":[1313],"property_status":[115],"property_feature":[],"property_label":[],"property_country":[123],"property_state":[],"property_city":[1253],"property_area":[],"class_list":["post-289958","property","type-property","status-publish","has-post-thumbnail","hentry","property_type-penthouse-toit-fr","property_status-location-fr","property_country-monaco-fr","property_city-monte-carlo-fr"],"property_meta":{"_top_nav_excluded":[""],"_cms_nav_minihome":[""],"houzez_geolocation_lat":["43.74301843"],"houzez_geolocation_long":["7.42889285"],"_thumbnail_id":["374711"],"_last_translation_edit_mode":["native-editor"],"_wpml_word_count":["165"],"_eael_post_view_count":["399"],"houzez_total_property_views":["391"],"houzez_views_by_date":["a:61:{s:10:\"02-24-2026\";i:2;s:10:\"02-25-2026\";i:2;s:10:\"02-26-2026\";i:1;s:10:\"02-27-2026\";i:2;s:10:\"02-28-2026\";i:4;s:10:\"03-01-2026\";i:3;s:10:\"03-02-2026\";i:2;s:10:\"03-03-2026\";i:4;s:10:\"03-04-2026\";i:1;s:10:\"03-05-2026\";i:2;s:10:\"03-06-2026\";i:3;s:10:\"03-07-2026\";i:4;s:10:\"03-08-2026\";i:2;s:10:\"03-09-2026\";i:1;s:10:\"03-10-2026\";i:4;s:10:\"03-11-2026\";i:3;s:10:\"03-12-2026\";i:3;s:10:\"03-13-2026\";i:4;s:10:\"03-14-2026\";i:3;s:10:\"03-15-2026\";i:2;s:10:\"03-16-2026\";i:2;s:10:\"03-17-2026\";i:1;s:10:\"03-18-2026\";i:4;s:10:\"03-19-2026\";i:5;s:10:\"03-20-2026\";i:3;s:10:\"03-21-2026\";i:1;s:10:\"03-22-2026\";i:2;s:10:\"03-23-2026\";i:3;s:10:\"03-24-2026\";i:5;s:10:\"03-25-2026\";i:4;s:10:\"03-26-2026\";i:1;s:10:\"03-27-2026\";i:2;s:10:\"03-28-2026\";i:2;s:10:\"03-29-2026\";i:4;s:10:\"03-30-2026\";i:2;s:10:\"03-31-2026\";i:3;s:10:\"04-01-2026\";i:1;s:10:\"04-04-2026\";i:1;s:10:\"04-05-2026\";i:2;s:10:\"04-06-2026\";i:1;s:10:\"04-07-2026\";i:1;s:10:\"04-08-2026\";i:1;s:10:\"04-09-2026\";i:1;s:10:\"04-10-2026\";i:4;s:10:\"04-11-2026\";i:1;s:10:\"04-13-2026\";i:2;s:10:\"04-14-2026\";i:3;s:10:\"04-15-2026\";i:1;s:10:\"04-16-2026\";i:1;s:10:\"04-18-2026\";i:2;s:10:\"04-19-2026\";i:2;s:10:\"04-20-2026\";i:1;s:10:\"04-21-2026\";i:4;s:10:\"04-22-2026\";i:2;s:10:\"04-23-2026\";i:3;s:10:\"04-24-2026\";i:4;s:10:\"04-25-2026\";i:4;s:10:\"04-26-2026\";i:1;s:10:\"04-27-2026\";i:3;s:10:\"04-28-2026\";i:3;s:10:\"04-29-2026\";i:5;}"],"houzez_recently_viewed":["2026-04-29 22:57:01"],"fave_property_size":["531.00"],"fave_property_land":["950.00"],"fave_property_bedrooms":["5"],"fave_property_bathrooms":["5"],"fave_property_map":["1"],"fave_property_location":["43.74301843,7.42889285,14"],"fave_property_map_street_view":["hide"],"fave_video_url":["https:\/\/vimeo.com\/1044337963"],"fave_agent_display_option":["none"],"fave_virtual_tour":["<iframe width=\"853\" height=\"480\" src=\"https:\/\/vimeo.com\/1044337963?fl=pl&fe=vl\" frameborder=\"0\" allowfullscreen=\"allowfullscreen\"><\/iframe>"],"floor_plans":["a:3:{i:0;a:2:{s:15:\"fave_plan_title\";s:13:\"Plan d'\u00e9tage\";s:15:\"fave_plan_image\";s:104:\"https:\/\/prime.mc\/wp-content\/uploads\/2025\/11\/screen-shot-2023-04-07-at-10.16.54-1680855540-1763114616.jpg\";}i:1;a:2:{s:15:\"fave_plan_title\";s:13:\"Plan d'\u00e9tage\";s:15:\"fave_plan_image\";s:104:\"https:\/\/prime.mc\/wp-content\/uploads\/2025\/11\/screen-shot-2023-04-07-at-10.17.02-1680855531-1763114616.jpg\";}i:2;a:2:{s:15:\"fave_plan_title\";s:13:\"Plan d'\u00e9tage\";s:15:\"fave_plan_image\";s:104:\"https:\/\/prime.mc\/wp-content\/uploads\/2025\/11\/screen-shot-2023-04-07-at-10.17.07-1680855521-1763114615.jpg\";}}"],"_edit_lock":["1776861078:11"],"_edit_last":["11"],"fave_property_images":["288341","288343","288345","288347","288349","288351","288353","288355","288357","288359","288361","288363","288365","288367","288369","288371","288373","288375","288377","288379","288385","288409","288419","288421","288425","288427","288431","288435","288437","288439","374710"],"fave_property_price":[""],"houzez_manual_expire":["0"],"_houzez_expiration_date_status":["saved"],"fave_single_top_area":["global"],"fave_single_content_area":["global"],"_wpml_media_duplicate":["1"],"_wpml_media_featured":["1"],"_yoast_wpseo_primary_property_type":[""],"_yoast_wpseo_primary_property_status":[""],"_yoast_wpseo_primary_property_feature":[""],"_yoast_wpseo_primary_property_label":[""],"_yoast_wpseo_primary_property_country":[""],"_yoast_wpseo_primary_property_state":[""],"_yoast_wpseo_primary_property_city":[""],"_yoast_wpseo_primary_property_area":[""],"_yoast_wpseo_content_score":["90"],"_yoast_wpseo_estimated-reading-time-minutes":["1"],"_elementor_page_assets":["a:0:{}"]},"yoast_head":"<!-- This site is optimized with the Yoast SEO plugin v27.5 - https:\/\/yoast.com\/product\/yoast-seo-wordpress\/ -->\n<title>CARR\u00c9 D&#039;OR - TRIPLEX ROOFTOP - 6P - PRINCE DE GALLES - Prime Estate<\/title>\n<meta name=\"robots\" content=\"index, follow, max-snippet:-1, max-image-preview:large, max-video-preview:-1\" \/>\n<link rel=\"canonical\" href=\"https:\/\/prime.mc\/fr\/property\/carre-dor-triplex-rooftop-6p-prince-de-galles\/\" \/>\n<meta property=\"og:locale\" content=\"fr_FR\" \/>\n<meta property=\"og:type\" content=\"article\" \/>\n<meta property=\"og:title\" content=\"CARR\u00c9 D&#039;OR - TRIPLEX ROOFTOP - 6P - PRINCE DE GALLES - Prime Estate\" \/>\n<meta property=\"og:description\" content=\"Situ\u00e9 au c\u0153ur du prestigieux Carr\u00e9 d&#8217;Or, ce superbe triplex des 15\u00e8me, 16\u00e8me et 17\u00e8me \u00e9tages situ\u00e9 dans le luxueux immeuble Prince de Galles, offre un cadre de vie exceptionnel et une vue panoramique sur la mer de Monaco. Le 15\u00e8me \u00e9tage se compose d&#8217;un grand hall, d&#8217;un salon lumineux s&#8217;ouvrant sur une belle terrasse [&hellip;]\" \/>\n<meta property=\"og:url\" content=\"https:\/\/prime.mc\/fr\/property\/carre-dor-triplex-rooftop-6p-prince-de-galles\/\" \/>\n<meta property=\"og:site_name\" content=\"Prime Estate\" \/>\n<meta property=\"article:modified_time\" content=\"2026-04-22T10:33:32+00:00\" \/>\n<meta property=\"og:image\" content=\"https:\/\/prime.mc\/wp-content\/uploads\/2025\/11\/Rented-374-x-272-mm-5.png\" \/>\n\t<meta property=\"og:image:width\" content=\"2000\" \/>\n\t<meta property=\"og:image:height\" content=\"1455\" \/>\n\t<meta property=\"og:image:type\" content=\"image\/png\" \/>\n<meta name=\"twitter:card\" content=\"summary_large_image\" \/>\n<meta name=\"twitter:label1\" content=\"Dur\u00e9e de lecture estim\u00e9e\" \/>\n\t<meta name=\"twitter:data1\" content=\"1 minute\" \/>\n<script type=\"application\/ld+json\" class=\"yoast-schema-graph\">{\"@context\":\"https:\\\/\\\/schema.org\",\"@graph\":[{\"@type\":\"WebPage\",\"@id\":\"https:\\\/\\\/prime.mc\\\/fr\\\/property\\\/carre-dor-triplex-rooftop-6p-prince-de-galles\\\/\",\"url\":\"https:\\\/\\\/prime.mc\\\/fr\\\/property\\\/carre-dor-triplex-rooftop-6p-prince-de-galles\\\/\",\"name\":\"CARR\u00c9 D'OR - TRIPLEX ROOFTOP - 6P - PRINCE DE GALLES - Prime Estate\",\"isPartOf\":{\"@id\":\"https:\\\/\\\/prime.mc\\\/#website\"},\"primaryImageOfPage\":{\"@id\":\"https:\\\/\\\/prime.mc\\\/fr\\\/property\\\/carre-dor-triplex-rooftop-6p-prince-de-galles\\\/#primaryimage\"},\"image\":{\"@id\":\"https:\\\/\\\/prime.mc\\\/fr\\\/property\\\/carre-dor-triplex-rooftop-6p-prince-de-galles\\\/#primaryimage\"},\"thumbnailUrl\":\"https:\\\/\\\/prime.mc\\\/wp-content\\\/uploads\\\/2025\\\/11\\\/Rented-374-x-272-mm-5.png\",\"datePublished\":\"2025-11-15T01:00:21+00:00\",\"dateModified\":\"2026-04-22T10:33:32+00:00\",\"breadcrumb\":{\"@id\":\"https:\\\/\\\/prime.mc\\\/fr\\\/property\\\/carre-dor-triplex-rooftop-6p-prince-de-galles\\\/#breadcrumb\"},\"inLanguage\":\"fr-FR\",\"potentialAction\":[{\"@type\":\"ReadAction\",\"target\":[\"https:\\\/\\\/prime.mc\\\/fr\\\/property\\\/carre-dor-triplex-rooftop-6p-prince-de-galles\\\/\"]}]},{\"@type\":\"ImageObject\",\"inLanguage\":\"fr-FR\",\"@id\":\"https:\\\/\\\/prime.mc\\\/fr\\\/property\\\/carre-dor-triplex-rooftop-6p-prince-de-galles\\\/#primaryimage\",\"url\":\"https:\\\/\\\/prime.mc\\\/wp-content\\\/uploads\\\/2025\\\/11\\\/Rented-374-x-272-mm-5.png\",\"contentUrl\":\"https:\\\/\\\/prime.mc\\\/wp-content\\\/uploads\\\/2025\\\/11\\\/Rented-374-x-272-mm-5.png\",\"width\":2000,\"height\":1455},{\"@type\":\"BreadcrumbList\",\"@id\":\"https:\\\/\\\/prime.mc\\\/fr\\\/property\\\/carre-dor-triplex-rooftop-6p-prince-de-galles\\\/#breadcrumb\",\"itemListElement\":[{\"@type\":\"ListItem\",\"position\":1,\"name\":\"Home\",\"item\":\"https:\\\/\\\/prime.mc\\\/fr\\\/accueil\\\/\"},{\"@type\":\"ListItem\",\"position\":2,\"name\":\"Propri\u00e9t\u00e9s\",\"item\":\"https:\\\/\\\/prime.mc\\\/fr\\\/property\\\/\"},{\"@type\":\"ListItem\",\"position\":3,\"name\":\"CARR\u00c9 D&#8217;OR &#8211; TRIPLEX ROOFTOP &#8211; 6P &#8211; PRINCE DE GALLES\"}]},{\"@type\":\"WebSite\",\"@id\":\"https:\\\/\\\/prime.mc\\\/#website\",\"url\":\"https:\\\/\\\/prime.mc\\\/\",\"name\":\"Prime.mc\",\"description\":\"Monaco Relocation Specialists\",\"publisher\":{\"@id\":\"https:\\\/\\\/prime.mc\\\/#organization\"},\"potentialAction\":[{\"@type\":\"SearchAction\",\"target\":{\"@type\":\"EntryPoint\",\"urlTemplate\":\"https:\\\/\\\/prime.mc\\\/?s={search_term_string}\"},\"query-input\":{\"@type\":\"PropertyValueSpecification\",\"valueRequired\":true,\"valueName\":\"search_term_string\"}}],\"inLanguage\":\"fr-FR\"},{\"@type\":\"Organization\",\"@id\":\"https:\\\/\\\/prime.mc\\\/#organization\",\"name\":\"Prime.mc\",\"url\":\"https:\\\/\\\/prime.mc\\\/\",\"logo\":{\"@type\":\"ImageObject\",\"inLanguage\":\"fr-FR\",\"@id\":\"https:\\\/\\\/prime.mc\\\/#\\\/schema\\\/logo\\\/image\\\/\",\"url\":\"https:\\\/\\\/prime.mc\\\/wp-content\\\/uploads\\\/2023\\\/07\\\/prime-logo1-11-11.svg\",\"contentUrl\":\"https:\\\/\\\/prime.mc\\\/wp-content\\\/uploads\\\/2023\\\/07\\\/prime-logo1-11-11.svg\",\"width\":170,\"height\":104,\"caption\":\"Prime.mc\"},\"image\":{\"@id\":\"https:\\\/\\\/prime.mc\\\/#\\\/schema\\\/logo\\\/image\\\/\"},\"sameAs\":[\"https:\\\/\\\/www.instagram.com\\\/prime_estate_mc\\\/\",\"http:\\\/\\\/linkedin.com\\\/prime-group-monaco\"]}]}<\/script>\n<!-- \/ Yoast SEO plugin. -->","yoast_head_json":{"title":"CARR\u00c9 D'OR - TRIPLEX ROOFTOP - 6P - PRINCE DE GALLES - Prime Estate","robots":{"index":"index","follow":"follow","max-snippet":"max-snippet:-1","max-image-preview":"max-image-preview:large","max-video-preview":"max-video-preview:-1"},"canonical":"https:\/\/prime.mc\/fr\/property\/carre-dor-triplex-rooftop-6p-prince-de-galles\/","og_locale":"fr_FR","og_type":"article","og_title":"CARR\u00c9 D'OR - TRIPLEX ROOFTOP - 6P - PRINCE DE GALLES - Prime Estate","og_description":"Situ\u00e9 au c\u0153ur du prestigieux Carr\u00e9 d&#8217;Or, ce superbe triplex des 15\u00e8me, 16\u00e8me et 17\u00e8me \u00e9tages situ\u00e9 dans le luxueux immeuble Prince de Galles, offre un cadre de vie exceptionnel et une vue panoramique sur la mer de Monaco. Le 15\u00e8me \u00e9tage se compose d&#8217;un grand hall, d&#8217;un salon lumineux s&#8217;ouvrant sur une belle terrasse [&hellip;]","og_url":"https:\/\/prime.mc\/fr\/property\/carre-dor-triplex-rooftop-6p-prince-de-galles\/","og_site_name":"Prime Estate","article_modified_time":"2026-04-22T10:33:32+00:00","og_image":[{"width":2000,"height":1455,"url":"https:\/\/prime.mc\/wp-content\/uploads\/2025\/11\/Rented-374-x-272-mm-5.png","type":"image\/png"}],"twitter_card":"summary_large_image","twitter_misc":{"Dur\u00e9e de lecture estim\u00e9e":"1 minute"},"schema":{"@context":"https:\/\/schema.org","@graph":[{"@type":"WebPage","@id":"https:\/\/prime.mc\/fr\/property\/carre-dor-triplex-rooftop-6p-prince-de-galles\/","url":"https:\/\/prime.mc\/fr\/property\/carre-dor-triplex-rooftop-6p-prince-de-galles\/","name":"CARR\u00c9 D'OR - TRIPLEX ROOFTOP - 6P - PRINCE DE GALLES - Prime Estate","isPartOf":{"@id":"https:\/\/prime.mc\/#website"},"primaryImageOfPage":{"@id":"https:\/\/prime.mc\/fr\/property\/carre-dor-triplex-rooftop-6p-prince-de-galles\/#primaryimage"},"image":{"@id":"https:\/\/prime.mc\/fr\/property\/carre-dor-triplex-rooftop-6p-prince-de-galles\/#primaryimage"},"thumbnailUrl":"https:\/\/prime.mc\/wp-content\/uploads\/2025\/11\/Rented-374-x-272-mm-5.png","datePublished":"2025-11-15T01:00:21+00:00","dateModified":"2026-04-22T10:33:32+00:00","breadcrumb":{"@id":"https:\/\/prime.mc\/fr\/property\/carre-dor-triplex-rooftop-6p-prince-de-galles\/#breadcrumb"},"inLanguage":"fr-FR","potentialAction":[{"@type":"ReadAction","target":["https:\/\/prime.mc\/fr\/property\/carre-dor-triplex-rooftop-6p-prince-de-galles\/"]}]},{"@type":"ImageObject","inLanguage":"fr-FR","@id":"https:\/\/prime.mc\/fr\/property\/carre-dor-triplex-rooftop-6p-prince-de-galles\/#primaryimage","url":"https:\/\/prime.mc\/wp-content\/uploads\/2025\/11\/Rented-374-x-272-mm-5.png","contentUrl":"https:\/\/prime.mc\/wp-content\/uploads\/2025\/11\/Rented-374-x-272-mm-5.png","width":2000,"height":1455},{"@type":"BreadcrumbList","@id":"https:\/\/prime.mc\/fr\/property\/carre-dor-triplex-rooftop-6p-prince-de-galles\/#breadcrumb","itemListElement":[{"@type":"ListItem","position":1,"name":"Home","item":"https:\/\/prime.mc\/fr\/accueil\/"},{"@type":"ListItem","position":2,"name":"Propri\u00e9t\u00e9s","item":"https:\/\/prime.mc\/fr\/property\/"},{"@type":"ListItem","position":3,"name":"CARR\u00c9 D&#8217;OR &#8211; TRIPLEX ROOFTOP &#8211; 6P &#8211; PRINCE DE GALLES"}]},{"@type":"WebSite","@id":"https:\/\/prime.mc\/#website","url":"https:\/\/prime.mc\/","name":"Prime.mc","description":"Monaco Relocation Specialists","publisher":{"@id":"https:\/\/prime.mc\/#organization"},"potentialAction":[{"@type":"SearchAction","target":{"@type":"EntryPoint","urlTemplate":"https:\/\/prime.mc\/?s={search_term_string}"},"query-input":{"@type":"PropertyValueSpecification","valueRequired":true,"valueName":"search_term_string"}}],"inLanguage":"fr-FR"},{"@type":"Organization","@id":"https:\/\/prime.mc\/#organization","name":"Prime.mc","url":"https:\/\/prime.mc\/","logo":{"@type":"ImageObject","inLanguage":"fr-FR","@id":"https:\/\/prime.mc\/#\/schema\/logo\/image\/","url":"https:\/\/prime.mc\/wp-content\/uploads\/2023\/07\/prime-logo1-11-11.svg","contentUrl":"https:\/\/prime.mc\/wp-content\/uploads\/2023\/07\/prime-logo1-11-11.svg","width":170,"height":104,"caption":"Prime.mc"},"image":{"@id":"https:\/\/prime.mc\/#\/schema\/logo\/image\/"},"sameAs":["https:\/\/www.instagram.com\/prime_estate_mc\/","http:\/\/linkedin.com\/prime-group-monaco"]}]}},"_links":{"self":[{"href":"https:\/\/prime.mc\/fr\/wp-json\/wp\/v2\/properties\/289958","targetHints":{"allow":["GET"]}}],"collection":[{"href":"https:\/\/prime.mc\/fr\/wp-json\/wp\/v2\/properties"}],"about":[{"href":"https:\/\/prime.mc\/fr\/wp-json\/wp\/v2\/types\/property"}],"author":[{"embeddable":true,"href":"https:\/\/prime.mc\/fr\/wp-json\/wp\/v2\/users\/1"}],"version-history":[{"count":1,"href":"https:\/\/prime.mc\/fr\/wp-json\/wp\/v2\/properties\/289958\/revisions"}],"predecessor-version":[{"id":298230,"href":"https:\/\/prime.mc\/fr\/wp-json\/wp\/v2\/properties\/289958\/revisions\/298230"}],"wp:featuredmedia":[{"embeddable":true,"href":"https:\/\/prime.mc\/fr\/wp-json\/wp\/v2\/media\/374711"}],"wp:attachment":[{"href":"https:\/\/prime.mc\/fr\/wp-json\/wp\/v2\/media?parent=289958"}],"wp:term":[{"taxonomy":"property_type","embeddable":true,"href":"https:\/\/prime.mc\/fr\/wp-json\/wp\/v2\/property_type?post=289958"},{"taxonomy":"property_status","embeddable":true,"href":"https:\/\/prime.mc\/fr\/wp-json\/wp\/v2\/property_status?post=289958"},{"taxonomy":"property_feature","embeddable":true,"href":"https:\/\/prime.mc\/fr\/wp-json\/wp\/v2\/property_feature?post=289958"},{"taxonomy":"property_label","embeddable":true,"href":"https:\/\/prime.mc\/fr\/wp-json\/wp\/v2\/property_label?post=289958"},{"taxonomy":"property_country","embeddable":true,"href":"https:\/\/prime.mc\/fr\/wp-json\/wp\/v2\/property_country?post=289958"},{"taxonomy":"property_state","embeddable":true,"href":"https:\/\/prime.mc\/fr\/wp-json\/wp\/v2\/property_state?post=289958"},{"taxonomy":"property_city","embeddable":true,"href":"https:\/\/prime.mc\/fr\/wp-json\/wp\/v2\/property_city?post=289958"},{"taxonomy":"property_area","embeddable":true,"href":"https:\/\/prime.mc\/fr\/wp-json\/wp\/v2\/property_area?post=289958"}],"curies":[{"name":"wp","href":"https:\/\/api.w.org\/{rel}","templated":true}]}}