{"id":363723,"date":"2026-04-03T01:00:54","date_gmt":"2026-04-03T01:00:54","guid":{"rendered":"https:\/\/prime.mc\/property\/appartement-de-2-chambres-bellevue-palace-monte-carlo\/"},"modified":"2026-04-09T13:30:04","modified_gmt":"2026-04-09T13:30:04","slug":"appartement-de-2-chambres-bellevue-palace-monte-carlo","status":"publish","type":"property","link":"https:\/\/prime.mc\/fr\/property\/appartement-de-2-chambres-bellevue-palace-monte-carlo\/","title":{"rendered":"Appartement de 2 chambres &#8211; Bellevue Palace, Monte-Carlo"},"content":{"rendered":"<p>Situ\u00e9 au 3\u00e8me \u00e9tage de la r\u00e9sidence Bellevue Palace \u00e0 Monte-Carlo, cet appartement de 2 chambres \u00e0 coucher b\u00e9n\u00e9ficie d&#8217;une bonne exposition et d&#8217;un agencement efficace.<\/p>\n<p>Il comprend un espace de vie lumineux avec une cuisine ouverte enti\u00e8rement \u00e9quip\u00e9e, deux chambres et deux salles de bains.<\/p>\n<p>Une cave est incluse dans la propri\u00e9t\u00e9.<\/p>\n","protected":false},"excerpt":{"rendered":"<p>Situ\u00e9 au 3\u00e8me \u00e9tage de la r\u00e9sidence Bellevue Palace \u00e0 Monte-Carlo, cet appartement de 2 chambres \u00e0 coucher b\u00e9n\u00e9ficie d&#8217;une bonne exposition et d&#8217;un agencement efficace. Il comprend un espace de vie lumineux avec une cuisine ouverte enti\u00e8rement \u00e9quip\u00e9e, deux chambres et deux salles de bains. Une cave est incluse dans la propri\u00e9t\u00e9.<\/p>\n","protected":false},"author":1,"featured_media":363153,"parent":0,"menu_order":0,"template":"","property_type":[124],"property_status":[1244],"property_feature":[],"property_label":[],"property_country":[123],"property_state":[],"property_city":[1253],"property_area":[],"class_list":["post-363723","property","type-property","status-publish","has-post-thumbnail","hentry","property_type-appartement-fr","property_status-acheter","property_country-monaco-fr","property_city-monte-carlo-fr"],"property_meta":{"fave_property_images":["363152","363154","363156","363158","363160","363162","363164","363166","363168","363152"],"_top_nav_excluded":[""],"_cms_nav_minihome":[""],"houzez_geolocation_lat":["43.74019900"],"houzez_geolocation_long":["7.42222600"],"_last_translation_edit_mode":["translation-editor"],"_wpml_word_count":["68"],"_eael_post_view_count":["57"],"houzez_total_property_views":["55"],"houzez_views_by_date":["a:26:{s:10:\"04-03-2026\";i:4;s:10:\"04-04-2026\";i:3;s:10:\"04-05-2026\";i:2;s:10:\"04-06-2026\";i:1;s:10:\"04-07-2026\";i:5;s:10:\"04-08-2026\";i:1;s:10:\"04-09-2026\";i:3;s:10:\"04-10-2026\";i:4;s:10:\"04-11-2026\";i:2;s:10:\"04-12-2026\";i:1;s:10:\"04-13-2026\";i:3;s:10:\"04-14-2026\";i:3;s:10:\"04-15-2026\";i:3;s:10:\"04-16-2026\";i:2;s:10:\"04-17-2026\";i:3;s:10:\"04-18-2026\";i:2;s:10:\"04-19-2026\";i:1;s:10:\"04-20-2026\";i:1;s:10:\"04-21-2026\";i:2;s:10:\"04-22-2026\";i:1;s:10:\"04-23-2026\";i:1;s:10:\"04-24-2026\";i:1;s:10:\"04-25-2026\";i:3;s:10:\"04-27-2026\";i:1;s:10:\"04-28-2026\";i:1;s:10:\"04-29-2026\";i:1;}"],"houzez_recently_viewed":["2026-04-29 01:01:47"],"_thumbnail_id":["363153"],"fave_property_price":["4000000"],"fave_property_size":["90.00"],"fave_property_land":["90.00"],"fave_property_bedrooms":["2"],"fave_property_bathrooms":["2"],"fave_property_map":["1"],"fave_property_location":["43.74019900,7.42222600"],"fave_property_map_street_view":["montrer"],"fave_agent_display_option":["none"],"fave_agents":["-1"],"floor_plans":["a:1:{i:0;a:3:{s:15:\"fave_plan_title\";s:13:\"Plan d'\u00e9tage\";s:15:\"fave_plan_image\";s:96:\"https:\/\/prime.mc\/wp-content\/uploads\/2026\/04\/whatsapp-image-2026-04-03-at-10.52.16-1775551851.jpg\";s:18:\"fave_plan_image_id\";i:366054;}}"],"_elementor_page_assets":["a:0:{}"]},"yoast_head":"<!-- This site is optimized with the Yoast SEO plugin v27.5 - https:\/\/yoast.com\/product\/yoast-seo-wordpress\/ -->\n<title>Appartement de 2 chambres - Bellevue Palace, Monte-Carlo - Prime Estate<\/title>\n<meta name=\"robots\" content=\"index, follow, max-snippet:-1, max-image-preview:large, max-video-preview:-1\" \/>\n<link rel=\"canonical\" href=\"https:\/\/prime.mc\/fr\/property\/appartement-de-2-chambres-bellevue-palace-monte-carlo\/\" \/>\n<meta property=\"og:locale\" content=\"fr_FR\" \/>\n<meta property=\"og:type\" content=\"article\" \/>\n<meta property=\"og:title\" content=\"Appartement de 2 chambres - Bellevue Palace, Monte-Carlo - Prime Estate\" \/>\n<meta property=\"og:description\" content=\"Situ\u00e9 au 3\u00e8me \u00e9tage de la r\u00e9sidence Bellevue Palace \u00e0 Monte-Carlo, cet appartement de 2 chambres \u00e0 coucher b\u00e9n\u00e9ficie d&#8217;une bonne exposition et d&#8217;un agencement efficace. Il comprend un espace de vie lumineux avec une cuisine ouverte enti\u00e8rement \u00e9quip\u00e9e, deux chambres et deux salles de bains. Une cave est incluse dans la propri\u00e9t\u00e9.\" \/>\n<meta property=\"og:url\" content=\"https:\/\/prime.mc\/fr\/property\/appartement-de-2-chambres-bellevue-palace-monte-carlo\/\" \/>\n<meta property=\"og:site_name\" content=\"Prime Estate\" \/>\n<meta property=\"article:modified_time\" content=\"2026-04-09T13:30:04+00:00\" \/>\n<meta property=\"og:image\" content=\"https:\/\/prime.mc\/wp-content\/uploads\/2026\/04\/bellevuepalace04-1775136159.jpg\" \/>\n\t<meta property=\"og:image:width\" content=\"1800\" \/>\n\t<meta property=\"og:image:height\" content=\"1200\" \/>\n\t<meta property=\"og:image:type\" content=\"image\/jpeg\" \/>\n<meta name=\"twitter:card\" content=\"summary_large_image\" \/>\n<script type=\"application\/ld+json\" class=\"yoast-schema-graph\">{\"@context\":\"https:\\\/\\\/schema.org\",\"@graph\":[{\"@type\":\"WebPage\",\"@id\":\"https:\\\/\\\/prime.mc\\\/fr\\\/property\\\/appartement-de-2-chambres-bellevue-palace-monte-carlo\\\/\",\"url\":\"https:\\\/\\\/prime.mc\\\/fr\\\/property\\\/appartement-de-2-chambres-bellevue-palace-monte-carlo\\\/\",\"name\":\"Appartement de 2 chambres - Bellevue Palace, Monte-Carlo - Prime Estate\",\"isPartOf\":{\"@id\":\"https:\\\/\\\/prime.mc\\\/#website\"},\"primaryImageOfPage\":{\"@id\":\"https:\\\/\\\/prime.mc\\\/fr\\\/property\\\/appartement-de-2-chambres-bellevue-palace-monte-carlo\\\/#primaryimage\"},\"image\":{\"@id\":\"https:\\\/\\\/prime.mc\\\/fr\\\/property\\\/appartement-de-2-chambres-bellevue-palace-monte-carlo\\\/#primaryimage\"},\"thumbnailUrl\":\"https:\\\/\\\/prime.mc\\\/wp-content\\\/uploads\\\/2026\\\/04\\\/bellevuepalace04-1775136159.jpg\",\"datePublished\":\"2026-04-03T01:00:54+00:00\",\"dateModified\":\"2026-04-09T13:30:04+00:00\",\"breadcrumb\":{\"@id\":\"https:\\\/\\\/prime.mc\\\/fr\\\/property\\\/appartement-de-2-chambres-bellevue-palace-monte-carlo\\\/#breadcrumb\"},\"inLanguage\":\"fr-FR\",\"potentialAction\":[{\"@type\":\"ReadAction\",\"target\":[\"https:\\\/\\\/prime.mc\\\/fr\\\/property\\\/appartement-de-2-chambres-bellevue-palace-monte-carlo\\\/\"]}]},{\"@type\":\"ImageObject\",\"inLanguage\":\"fr-FR\",\"@id\":\"https:\\\/\\\/prime.mc\\\/fr\\\/property\\\/appartement-de-2-chambres-bellevue-palace-monte-carlo\\\/#primaryimage\",\"url\":\"https:\\\/\\\/prime.mc\\\/wp-content\\\/uploads\\\/2026\\\/04\\\/bellevuepalace04-1775136159.jpg\",\"contentUrl\":\"https:\\\/\\\/prime.mc\\\/wp-content\\\/uploads\\\/2026\\\/04\\\/bellevuepalace04-1775136159.jpg\",\"width\":1800,\"height\":1200},{\"@type\":\"BreadcrumbList\",\"@id\":\"https:\\\/\\\/prime.mc\\\/fr\\\/property\\\/appartement-de-2-chambres-bellevue-palace-monte-carlo\\\/#breadcrumb\",\"itemListElement\":[{\"@type\":\"ListItem\",\"position\":1,\"name\":\"Home\",\"item\":\"https:\\\/\\\/prime.mc\\\/fr\\\/accueil\\\/\"},{\"@type\":\"ListItem\",\"position\":2,\"name\":\"Propri\u00e9t\u00e9s\",\"item\":\"https:\\\/\\\/prime.mc\\\/fr\\\/property\\\/\"},{\"@type\":\"ListItem\",\"position\":3,\"name\":\"Appartement de 2 chambres &#8211; Bellevue Palace, Monte-Carlo\"}]},{\"@type\":\"WebSite\",\"@id\":\"https:\\\/\\\/prime.mc\\\/#website\",\"url\":\"https:\\\/\\\/prime.mc\\\/\",\"name\":\"Prime.mc\",\"description\":\"Monaco Relocation Specialists\",\"publisher\":{\"@id\":\"https:\\\/\\\/prime.mc\\\/#organization\"},\"potentialAction\":[{\"@type\":\"SearchAction\",\"target\":{\"@type\":\"EntryPoint\",\"urlTemplate\":\"https:\\\/\\\/prime.mc\\\/?s={search_term_string}\"},\"query-input\":{\"@type\":\"PropertyValueSpecification\",\"valueRequired\":true,\"valueName\":\"search_term_string\"}}],\"inLanguage\":\"fr-FR\"},{\"@type\":\"Organization\",\"@id\":\"https:\\\/\\\/prime.mc\\\/#organization\",\"name\":\"Prime.mc\",\"url\":\"https:\\\/\\\/prime.mc\\\/\",\"logo\":{\"@type\":\"ImageObject\",\"inLanguage\":\"fr-FR\",\"@id\":\"https:\\\/\\\/prime.mc\\\/#\\\/schema\\\/logo\\\/image\\\/\",\"url\":\"https:\\\/\\\/prime.mc\\\/wp-content\\\/uploads\\\/2023\\\/07\\\/prime-logo1-11-11.svg\",\"contentUrl\":\"https:\\\/\\\/prime.mc\\\/wp-content\\\/uploads\\\/2023\\\/07\\\/prime-logo1-11-11.svg\",\"width\":170,\"height\":104,\"caption\":\"Prime.mc\"},\"image\":{\"@id\":\"https:\\\/\\\/prime.mc\\\/#\\\/schema\\\/logo\\\/image\\\/\"},\"sameAs\":[\"https:\\\/\\\/www.instagram.com\\\/prime_estate_mc\\\/\",\"http:\\\/\\\/linkedin.com\\\/prime-group-monaco\"]}]}<\/script>\n<!-- \/ Yoast SEO plugin. -->","yoast_head_json":{"title":"Appartement de 2 chambres - Bellevue Palace, Monte-Carlo - Prime Estate","robots":{"index":"index","follow":"follow","max-snippet":"max-snippet:-1","max-image-preview":"max-image-preview:large","max-video-preview":"max-video-preview:-1"},"canonical":"https:\/\/prime.mc\/fr\/property\/appartement-de-2-chambres-bellevue-palace-monte-carlo\/","og_locale":"fr_FR","og_type":"article","og_title":"Appartement de 2 chambres - Bellevue Palace, Monte-Carlo - Prime Estate","og_description":"Situ\u00e9 au 3\u00e8me \u00e9tage de la r\u00e9sidence Bellevue Palace \u00e0 Monte-Carlo, cet appartement de 2 chambres \u00e0 coucher b\u00e9n\u00e9ficie d&#8217;une bonne exposition et d&#8217;un agencement efficace. Il comprend un espace de vie lumineux avec une cuisine ouverte enti\u00e8rement \u00e9quip\u00e9e, deux chambres et deux salles de bains. Une cave est incluse dans la propri\u00e9t\u00e9.","og_url":"https:\/\/prime.mc\/fr\/property\/appartement-de-2-chambres-bellevue-palace-monte-carlo\/","og_site_name":"Prime Estate","article_modified_time":"2026-04-09T13:30:04+00:00","og_image":[{"width":1800,"height":1200,"url":"https:\/\/prime.mc\/wp-content\/uploads\/2026\/04\/bellevuepalace04-1775136159.jpg","type":"image\/jpeg"}],"twitter_card":"summary_large_image","schema":{"@context":"https:\/\/schema.org","@graph":[{"@type":"WebPage","@id":"https:\/\/prime.mc\/fr\/property\/appartement-de-2-chambres-bellevue-palace-monte-carlo\/","url":"https:\/\/prime.mc\/fr\/property\/appartement-de-2-chambres-bellevue-palace-monte-carlo\/","name":"Appartement de 2 chambres - Bellevue Palace, Monte-Carlo - Prime Estate","isPartOf":{"@id":"https:\/\/prime.mc\/#website"},"primaryImageOfPage":{"@id":"https:\/\/prime.mc\/fr\/property\/appartement-de-2-chambres-bellevue-palace-monte-carlo\/#primaryimage"},"image":{"@id":"https:\/\/prime.mc\/fr\/property\/appartement-de-2-chambres-bellevue-palace-monte-carlo\/#primaryimage"},"thumbnailUrl":"https:\/\/prime.mc\/wp-content\/uploads\/2026\/04\/bellevuepalace04-1775136159.jpg","datePublished":"2026-04-03T01:00:54+00:00","dateModified":"2026-04-09T13:30:04+00:00","breadcrumb":{"@id":"https:\/\/prime.mc\/fr\/property\/appartement-de-2-chambres-bellevue-palace-monte-carlo\/#breadcrumb"},"inLanguage":"fr-FR","potentialAction":[{"@type":"ReadAction","target":["https:\/\/prime.mc\/fr\/property\/appartement-de-2-chambres-bellevue-palace-monte-carlo\/"]}]},{"@type":"ImageObject","inLanguage":"fr-FR","@id":"https:\/\/prime.mc\/fr\/property\/appartement-de-2-chambres-bellevue-palace-monte-carlo\/#primaryimage","url":"https:\/\/prime.mc\/wp-content\/uploads\/2026\/04\/bellevuepalace04-1775136159.jpg","contentUrl":"https:\/\/prime.mc\/wp-content\/uploads\/2026\/04\/bellevuepalace04-1775136159.jpg","width":1800,"height":1200},{"@type":"BreadcrumbList","@id":"https:\/\/prime.mc\/fr\/property\/appartement-de-2-chambres-bellevue-palace-monte-carlo\/#breadcrumb","itemListElement":[{"@type":"ListItem","position":1,"name":"Home","item":"https:\/\/prime.mc\/fr\/accueil\/"},{"@type":"ListItem","position":2,"name":"Propri\u00e9t\u00e9s","item":"https:\/\/prime.mc\/fr\/property\/"},{"@type":"ListItem","position":3,"name":"Appartement de 2 chambres &#8211; Bellevue Palace, Monte-Carlo"}]},{"@type":"WebSite","@id":"https:\/\/prime.mc\/#website","url":"https:\/\/prime.mc\/","name":"Prime.mc","description":"Monaco Relocation Specialists","publisher":{"@id":"https:\/\/prime.mc\/#organization"},"potentialAction":[{"@type":"SearchAction","target":{"@type":"EntryPoint","urlTemplate":"https:\/\/prime.mc\/?s={search_term_string}"},"query-input":{"@type":"PropertyValueSpecification","valueRequired":true,"valueName":"search_term_string"}}],"inLanguage":"fr-FR"},{"@type":"Organization","@id":"https:\/\/prime.mc\/#organization","name":"Prime.mc","url":"https:\/\/prime.mc\/","logo":{"@type":"ImageObject","inLanguage":"fr-FR","@id":"https:\/\/prime.mc\/#\/schema\/logo\/image\/","url":"https:\/\/prime.mc\/wp-content\/uploads\/2023\/07\/prime-logo1-11-11.svg","contentUrl":"https:\/\/prime.mc\/wp-content\/uploads\/2023\/07\/prime-logo1-11-11.svg","width":170,"height":104,"caption":"Prime.mc"},"image":{"@id":"https:\/\/prime.mc\/#\/schema\/logo\/image\/"},"sameAs":["https:\/\/www.instagram.com\/prime_estate_mc\/","http:\/\/linkedin.com\/prime-group-monaco"]}]}},"_links":{"self":[{"href":"https:\/\/prime.mc\/fr\/wp-json\/wp\/v2\/properties\/363723","targetHints":{"allow":["GET"]}}],"collection":[{"href":"https:\/\/prime.mc\/fr\/wp-json\/wp\/v2\/properties"}],"about":[{"href":"https:\/\/prime.mc\/fr\/wp-json\/wp\/v2\/types\/property"}],"author":[{"embeddable":true,"href":"https:\/\/prime.mc\/fr\/wp-json\/wp\/v2\/users\/1"}],"version-history":[{"count":1,"href":"https:\/\/prime.mc\/fr\/wp-json\/wp\/v2\/properties\/363723\/revisions"}],"predecessor-version":[{"id":367117,"href":"https:\/\/prime.mc\/fr\/wp-json\/wp\/v2\/properties\/363723\/revisions\/367117"}],"wp:featuredmedia":[{"embeddable":true,"href":"https:\/\/prime.mc\/fr\/wp-json\/wp\/v2\/media\/363153"}],"wp:attachment":[{"href":"https:\/\/prime.mc\/fr\/wp-json\/wp\/v2\/media?parent=363723"}],"wp:term":[{"taxonomy":"property_type","embeddable":true,"href":"https:\/\/prime.mc\/fr\/wp-json\/wp\/v2\/property_type?post=363723"},{"taxonomy":"property_status","embeddable":true,"href":"https:\/\/prime.mc\/fr\/wp-json\/wp\/v2\/property_status?post=363723"},{"taxonomy":"property_feature","embeddable":true,"href":"https:\/\/prime.mc\/fr\/wp-json\/wp\/v2\/property_feature?post=363723"},{"taxonomy":"property_label","embeddable":true,"href":"https:\/\/prime.mc\/fr\/wp-json\/wp\/v2\/property_label?post=363723"},{"taxonomy":"property_country","embeddable":true,"href":"https:\/\/prime.mc\/fr\/wp-json\/wp\/v2\/property_country?post=363723"},{"taxonomy":"property_state","embeddable":true,"href":"https:\/\/prime.mc\/fr\/wp-json\/wp\/v2\/property_state?post=363723"},{"taxonomy":"property_city","embeddable":true,"href":"https:\/\/prime.mc\/fr\/wp-json\/wp\/v2\/property_city?post=363723"},{"taxonomy":"property_area","embeddable":true,"href":"https:\/\/prime.mc\/fr\/wp-json\/wp\/v2\/property_area?post=363723"}],"curies":[{"name":"wp","href":"https:\/\/api.w.org\/{rel}","templated":true}]}}